{"id":28,"date":"2023-01-30T20:09:55","date_gmt":"2023-01-30T23:09:55","guid":{"rendered":"https:\/\/padvix.praxis.pro.br\/?page_id=28"},"modified":"2023-03-27T09:46:31","modified_gmt":"2023-03-27T12:46:31","slug":"sobre","status":"publish","type":"page","link":"https:\/\/padvix.praxis.pro.br\/index.php\/sobre\/","title":{"rendered":"Sobre"},"content":{"rendered":"<p><strong>PAD-VIX &#8211; Professoras(os) Associadas(os) pela Democracia em Vit\u00f3ria-ES<\/strong><\/p>\n<p><strong><img loading=\"lazy\" decoding=\"async\" class=\" wp-image-7 alignleft\" src=\"https:\/\/padvix.praxis.pro.br\/wp-content\/uploads\/2023\/01\/cropped-padvix.png\" alt=\"\" width=\"99\" height=\"152\" srcset=\"https:\/\/padvix.praxis.pro.br\/wp-content\/uploads\/2023\/01\/cropped-padvix.png 276w, https:\/\/padvix.praxis.pro.br\/wp-content\/uploads\/2023\/01\/cropped-padvix-196x300.png 196w\" sizes=\"auto, (max-width: 99px) 100vw, 99px\" \/><\/strong><\/p>\n<ul>\n<li><strong>CNPJ<\/strong>: 48.336.339\/0001-90<\/li>\n<li><strong>Endere\u00e7o<\/strong>: R. Jos\u00e9 Alexandre Buaiz, 160 &#8211; Ed. London Office Tower &#8211; Sala 602 &#8211; Enseada do Su\u00e1 &#8211; Vit\u00f3ria &#8211; ES &#8211; CEP 29.050-545<\/li>\n<li><strong>E-mail<\/strong>: professores.democracia@gmail.com<\/li>\n<li><strong>Telefone<\/strong>: +55 27 99765-1001<\/li>\n<\/ul>\n<p>&nbsp;<\/p>\n<p>&nbsp;<\/p>\n<hr \/>\n<p align=\"justify\"><b>Apresenta\u00e7\u00e3o<\/b><\/p>\n<p align=\"justify\">O grupo Professoras\/es Associadas\/os pela Democracia em Vit\u00f3ria (PAD-Vix) \u00e9 uma associa\u00e7\u00e3o civil de direito privado que faz mobiliza\u00e7\u00f5es em prol dos direitos de seus associados e associadas, que s\u00e3o professoras e professores da rede municipal de ensino de Vit\u00f3ria, bem como em defesa da educa\u00e7\u00e3o p\u00fablica, gratuita, laica e de qualidade para todos e todas. A Associa\u00e7\u00e3o \u00e9 dividida em <a href=\"https:\/\/padvix.praxis.pro.br\/index.php\/diretoria-da-pad-vix-2021-2024\/\">sete coordena\u00e7\u00f5es, diretoria executiva e conselho fiscal<\/a>. S\u00e3o dois membros por coordena\u00e7\u00e3o, quatro representantes das coordena\u00e7\u00f5es da diretoria executiva e tr\u00eas titulares no Conselho Fiscal, mais tr\u00eas suplentes.<\/p>\n<p align=\"justify\">A PAD-Vix surgiu em agosto de 2018, diante da necessidade de organiza\u00e7\u00e3o do magist\u00e9rio frente \u00e0 retirada de direitos dos trabalhadores e trabalhadoras e ao sucateamento da educa\u00e7\u00e3o. O nome PAD-Vix, por exemplo, remete, de forma cr\u00edtica, a uma a\u00e7\u00e3o comum na gest\u00e3o do ent\u00e3o prefeito Luciano Rezende (Cidadania), em que a associa\u00e7\u00e3o foi criada, que foi a abertura indiscriminada de Processos Administrativos Disciplinares (PADs) como forma de persegui\u00e7\u00e3o aos servidores e servidoras.<\/p>\n<p align=\"justify\">Naquele contexto, alguns professores e professoras foram demitidos por causa da greve do magist\u00e9rio, ocorrida de mar\u00e7o a abril daquele ano, al\u00e9m de haver corte do ponto da categoria, o que levou a PAD-Vix a ingressar com a\u00e7\u00e3o judicial, j\u00e1 que conta com assessoria jur\u00eddica. De l\u00e1 para c\u00e1 a associa\u00e7\u00e3o tem encampado diversas atividades, como manifesta\u00e7\u00f5es, forma\u00e7\u00f5es, lives, entre outras, motivadas por atitudes da Prefeitura Municipal de Vit\u00f3ria (PMV) que contrariam os direitos do magist\u00e9rio e, algumas vezes, dos servidores p\u00fablicos em geral.<\/p>\n<p align=\"justify\">A PAD-Vix protagonizou, por exemplo, diversas manifesta\u00e7\u00f5es contra ataques \u00e0 liberdade de c\u00e1tedra, mobilizando a comunidade escolar e dialogando com a C\u00e2mara Municipal de Vit\u00f3ria. Um dos resultados disso foram arquivamentos de Projetos de Lei (PLs) como o Escola Sem Partido. Tamb\u00e9m se uniu a profissionais da educa\u00e7\u00e3o, sindicatos e associa\u00e7\u00f5es de todo o Estado na luta pelo Fundo de Manuten\u00e7\u00e3o e Desenvolvimento da Educa\u00e7\u00e3o B\u00e1sica e de Valoriza\u00e7\u00e3o dos Profissionais da Educa\u00e7\u00e3o (Fundeb) permanente.<\/p>\n<p align=\"justify\">Al\u00e9m disso, a PAD-Vix foi uma das protagonistas na luta contra a Reforma da Previd\u00eancia, aprovada em janeiro de 2021 e que representou um grande preju\u00edzo financeiro para aposentados, aposentadas e pensionistas com a aprova\u00e7\u00e3o da cobran\u00e7a de 14% sobre as aposentadorias e pens\u00f5es a partir de um sal\u00e1rio m\u00ednimo. Apesar de a reforma ter sido aprovada, a PAD-Vix permanece na luta, dessa vez, para que ela seja revogada.<\/p>\n<p align=\"justify\">A associa\u00e7\u00e3o tamb\u00e9m tem feito diagn\u00f3sticos sobre a situa\u00e7\u00e3o das unidades de ensino para averiguar quest\u00f5es como n\u00famero de professores, disciplinas com aus\u00eancia de docentes, entre outros, para cobrar do poder p\u00fablico que cumpra seu dever de investir na educa\u00e7\u00e3o, valorizando os profissionais e, consequentemente, possibilitando um ensino p\u00fablico, gratuito e de qualidade para todos e todas. A PAD-Vix est\u00e1 sempre aberta ao di\u00e1logo com a comunidade escolar para compreender e buscar, coletivamente, o atendimento de suas demandas.<\/p>\n","protected":false},"excerpt":{"rendered":"<p>PAD-VIX &#8211; Professoras(os) Associadas(os) pela Democracia em Vit\u00f3ria-ES CNPJ: 48.336.339\/0001-90 Endere\u00e7o: R. Jos\u00e9 Alexandre Buaiz, 160 &#8211; Ed. London Office Tower &#8211; Sala 602 &#8211; Enseada do Su\u00e1 &#8211; Vit\u00f3ria &#8211; ES &#8211; CEP 29.050-545 E-mail: professores.democracia@gmail.com Telefone: +55 27 99765-1001 &nbsp; &nbsp; Apresenta\u00e7\u00e3o O grupo Professoras\/es Associadas\/os pela Democracia em Vit\u00f3ria (PAD-Vix) \u00e9 uma <a class=\"more-link\" href=\"https:\/\/padvix.praxis.pro.br\/index.php\/sobre\/\">Leia mais&#8230; &raquo;<\/a><\/p>\n","protected":false},"author":1,"featured_media":0,"parent":0,"menu_order":0,"comment_status":"closed","ping_status":"closed","template":"","meta":{"footnotes":""},"class_list":["post-28","page","type-page","status-publish","hentry"],"_links":{"self":[{"href":"https:\/\/padvix.praxis.pro.br\/index.php\/wp-json\/wp\/v2\/pages\/28","targetHints":{"allow":["GET"]}}],"collection":[{"href":"https:\/\/padvix.praxis.pro.br\/index.php\/wp-json\/wp\/v2\/pages"}],"about":[{"href":"https:\/\/padvix.praxis.pro.br\/index.php\/wp-json\/wp\/v2\/types\/page"}],"author":[{"embeddable":true,"href":"https:\/\/padvix.praxis.pro.br\/index.php\/wp-json\/wp\/v2\/users\/1"}],"replies":[{"embeddable":true,"href":"https:\/\/padvix.praxis.pro.br\/index.php\/wp-json\/wp\/v2\/comments?post=28"}],"version-history":[{"count":10,"href":"https:\/\/padvix.praxis.pro.br\/index.php\/wp-json\/wp\/v2\/pages\/28\/revisions"}],"predecessor-version":[{"id":119,"href":"https:\/\/padvix.praxis.pro.br\/index.php\/wp-json\/wp\/v2\/pages\/28\/revisions\/119"}],"wp:attachment":[{"href":"https:\/\/padvix.praxis.pro.br\/index.php\/wp-json\/wp\/v2\/media?parent=28"}],"curies":[{"name":"wp","href":"https:\/\/api.w.org\/{rel}","templated":true}]}}